{"id":6232,"date":"2025-07-29T05:13:07","date_gmt":"2025-07-29T04:13:07","guid":{"rendered":"http:\/\/korektura.si\/o-nas\/"},"modified":"2026-02-23T16:15:05","modified_gmt":"2026-02-23T15:15:05","slug":"o-nama","status":"publish","type":"page","link":"https:\/\/korektura.si\/hr\/o-nama\/","title":{"rendered":"O nama"},"content":{"rendered":"\t\t<div data-elementor-type=\"wp-page\" data-elementor-id=\"6232\" class=\"elementor elementor-6232 elementor-173\">\n\t\t\t\t<div class=\"elementor-element elementor-element-f3b3560 e-flex e-con-boxed e-con e-parent\" data-id=\"f3b3560\" data-element_type=\"container\" data-e-type=\"container\" data-settings=\"{&quot;background_background&quot;:&quot;classic&quot;}\">\n\t\t\t\t\t<div class=\"e-con-inner\">\n\t\t<div class=\"elementor-element elementor-element-97d076f e-con-full e-flex e-con e-child\" data-id=\"97d076f\" data-element_type=\"container\" data-e-type=\"container\">\n\t\t\t\t<div class=\"elementor-element elementor-element-c312dcb at-heading-animation at-animation-heading-style-3 elementor-widget elementor-widget-heading\" data-id=\"c312dcb\" data-element_type=\"widget\" data-e-type=\"widget\" data-settings=\"{&quot;ekit_we_effect_on&quot;:&quot;none&quot;}\" data-widget_type=\"heading.default\">\n\t\t\t\t\t<h1 class=\"elementor-heading-title elementor-size-default\">O nama<\/h1>\t\t\t\t<\/div>\n\t\t\t\t<div class=\"elementor-element elementor-element-32f54ef elementor-invisible elementor-widget elementor-widget-sellsmart-breadcrumb\" data-id=\"32f54ef\" data-element_type=\"widget\" data-e-type=\"widget\" data-settings=\"{&quot;_animation&quot;:&quot;fadeInUp&quot;,&quot;ekit_we_effect_on&quot;:&quot;none&quot;}\" data-widget_type=\"sellsmart-breadcrumb.default\">\n\t\t\t\t<div class=\"elementor-widget-container\">\n\t\t\t\t\t<div role=\"navigation\" aria-label=\"Breadcrumbs\" class=\"breadcrumb-trail breadcrumbs\"><ol class=\"trail-items\"><li class=\"trail-item trail-begin\"><a href=\"https:\/\/korektura.si\/hr\/\" rel=\"home\"><span>Naslovnica<\/span><\/a><\/li><li class=\"trail-item trail-end\"><span><span>O nama<\/span><\/span><\/li><\/ol><\/div>\t\t\t\t<\/div>\n\t\t\t\t<\/div>\n\t\t\t\t<\/div>\n\t\t\t\t\t<\/div>\n\t\t\t\t<\/div>\n\t\t<div class=\"elementor-element elementor-element-480889d e-flex e-con-boxed e-con e-parent\" data-id=\"480889d\" data-element_type=\"container\" data-e-type=\"container\">\n\t\t\t\t\t<div class=\"e-con-inner\">\n\t\t\t\t<div class=\"elementor-element elementor-element-cc16d88 elementor-invisible elementor-widget elementor-widget-text-editor\" data-id=\"cc16d88\" data-element_type=\"widget\" data-e-type=\"widget\" data-settings=\"{&quot;_animation&quot;:&quot;fadeInUp&quot;,&quot;_animation_delay&quot;:100,&quot;ekit_we_effect_on&quot;:&quot;none&quot;}\" data-widget_type=\"text-editor.default\">\n\t\t\t\t\t\t\t\t\t<p>Poduze\u0107e AL KEM d.o.o. ima sjedi\u0161te u Slovenska Bistrica i osnovano je 2007. godine. Poduze\u0107e svake godine bilje\u017ei rast poslovanja, \u0161to je rezultat dugogodi\u0161njeg iskustva, predanosti i dobre organizacije.<\/p><p>2014. godine postali smo ekskluzivni zastupnik njema\u010dke tvrtke Alufinish GmbH &amp; Co. KG, koja je vode\u0107i proizvo\u0111a\u010d kemikalija za povr\u0161insku obradu metala. Alufinish GmbH &amp; Co. KG osnovana je 1972. godine i od tada uspje\u0161no sudjeluje u razvoju, proizvodnji i prodaji proizvoda i postupaka za povr\u0161insku obradu metala. U po\u010detku je fokus bio prvenstveno na zavr\u0161noj povr\u0161inskoj obradi aluminija, osobito anodne oksidacije, no tijekom vi\u0161e od 40 godina razvili su brojne proizvode i za predobradu drugih metala. Tvrtka Alufinish ima partnere u vi\u0161e od 50 zemalja svijeta \u2014 uklju\u010duju\u0107i Europu, Bliski istok, Daleki istok, Australiju i Novi Zeland, zemlje NAFTA i Ju\u017enu Ameriku.<\/p>\t\t\t\t\t\t\t\t<\/div>\n\t\t\t\t\t<\/div>\n\t\t\t\t<\/div>\n\t\t<div class=\"elementor-element elementor-element-2920c14 post-entry e-flex e-con-boxed e-con e-parent\" data-id=\"2920c14\" data-element_type=\"container\" data-e-type=\"container\">\n\t\t\t\t\t<div class=\"e-con-inner\">\n\t\t\t\t<div class=\"elementor-element elementor-element-fc60db1 elementor-invisible elementor-widget elementor-widget-wp-widget-block\" data-id=\"fc60db1\" data-element_type=\"widget\" data-e-type=\"widget\" data-settings=\"{&quot;_animation&quot;:&quot;fadeIn&quot;,&quot;ekit_we_effect_on&quot;:&quot;none&quot;}\" data-widget_type=\"wp-widget-block.default\">\n\t\t\t\t<div class=\"elementor-widget-container\">\n\t\t\t\t\t<blockquote class=\"wp-block-quote is-layout-flow wp-block-quote-is-layout-flow\">\n<p>Na\u0161 osnovni cilj je zadovoljiti potrebe i nadma\u0161iti o\u010dekivanja klijenata kroz kvalitetnu uslugu i<br \/>\nindividualni pristup.<\/p>\n<\/blockquote>\n\t\t\t\t<\/div>\n\t\t\t\t<\/div>\n\t\t\t\t\t<\/div>\n\t\t\t\t<\/div>\n\t\t<div class=\"elementor-element elementor-element-c9b7d08 e-flex e-con-boxed e-con e-parent\" data-id=\"c9b7d08\" data-element_type=\"container\" data-e-type=\"container\">\n\t\t\t\t\t<div class=\"e-con-inner\">\n\t\t\t\t<div class=\"elementor-element elementor-element-0b6b9d1 elementor-invisible elementor-widget elementor-widget-heading\" data-id=\"0b6b9d1\" data-element_type=\"widget\" data-e-type=\"widget\" data-settings=\"{&quot;_animation&quot;:&quot;fadeInRight&quot;,&quot;ekit_we_effect_on&quot;:&quot;none&quot;}\" data-widget_type=\"heading.default\">\n\t\t\t\t\t<h2 class=\"elementor-heading-title elementor-size-default\">Tehni\u010dka podr\u0161ka kao dodana vrijednost<\/h2>\t\t\t\t<\/div>\n\t\t\t\t<div class=\"elementor-element elementor-element-086a385 elementor-invisible elementor-widget elementor-widget-text-editor\" data-id=\"086a385\" data-element_type=\"widget\" data-e-type=\"widget\" data-settings=\"{&quot;_animation&quot;:&quot;fadeInLeft&quot;,&quot;ekit_we_effect_on&quot;:&quot;none&quot;}\" data-widget_type=\"text-editor.default\">\n\t\t\t\t\t\t\t\t\t<p>Za nas prodaja kemijskih proizvoda nije samo ponuda niti obi\u010dna tehni\u010dka podr\u0161ka \u2014 to je vi\u0161e od toga. Osobni kontakt s klijentom je za nas klju\u010dan, bilo da je rije\u010d o nacionalnoj ili me\u0111unarodnoj suradnji. Vjerujemo da osobna podr\u0161ka na licu mjesta omogu\u0107uje br\u017ea rje\u0161enja i gradi povjerenje za dugoro\u010dnu, uspje\u0161nu suradnju.<\/p>\t\t\t\t\t\t\t\t<\/div>\n\t\t\t\t<div class=\"elementor-element elementor-element-7d8d0d9 elementor-invisible elementor-widget elementor-widget-heading\" data-id=\"7d8d0d9\" data-element_type=\"widget\" data-e-type=\"widget\" data-settings=\"{&quot;_animation&quot;:&quot;fadeInLeft&quot;,&quot;ekit_we_effect_on&quot;:&quot;none&quot;}\" data-widget_type=\"heading.default\">\n\t\t\t\t\t<h2 class=\"elementor-heading-title elementor-size-default\">Prisustvo u biv\u0161oj Jugoslaviji<\/h2>\t\t\t\t<\/div>\n\t\t\t\t<div class=\"elementor-element elementor-element-46845fc elementor-invisible elementor-widget elementor-widget-text-editor\" data-id=\"46845fc\" data-element_type=\"widget\" data-e-type=\"widget\" data-settings=\"{&quot;_animation&quot;:&quot;fadeInRight&quot;,&quot;ekit_we_effect_on&quot;:&quot;none&quot;}\" data-widget_type=\"text-editor.default\">\n\t\t\t\t\t\t\t\t\t<p>Prisotni smo u svim dr\u017eavama biv\u0161e Jugoslavije. Uprava poduze\u0107a, centralno skladi\u0161te s tehni\u010dkim osobljem i laboratorij se nalaze u Sloveniji, dok imamo i skladi\u0161ta u Bosni i Hercegovini, Srbiji i Sjevernoj Makedoniji.<\/p>\t\t\t\t\t\t\t\t<\/div>\n\t\t\t\t\t<\/div>\n\t\t\t\t<\/div>\n\t\t\t\t<\/div>\n\t\t","protected":false},"excerpt":{"rendered":"<p>O nama Domov Poduze\u0107e AL KEM d.o.o. ima sjedi\u0161te u Slovenska Bistrica [&hellip;]<\/p>\n","protected":false},"author":1,"featured_media":0,"parent":0,"menu_order":0,"comment_status":"closed","ping_status":"closed","template":"elementor_header_footer","meta":{"footnotes":""},"class_list":["post-6232","page","type-page","status-publish","hentry"],"_links":{"self":[{"href":"https:\/\/korektura.si\/hr\/wp-json\/wp\/v2\/pages\/6232","targetHints":{"allow":["GET"]}}],"collection":[{"href":"https:\/\/korektura.si\/hr\/wp-json\/wp\/v2\/pages"}],"about":[{"href":"https:\/\/korektura.si\/hr\/wp-json\/wp\/v2\/types\/page"}],"author":[{"embeddable":true,"href":"https:\/\/korektura.si\/hr\/wp-json\/wp\/v2\/users\/1"}],"replies":[{"embeddable":true,"href":"https:\/\/korektura.si\/hr\/wp-json\/wp\/v2\/comments?post=6232"}],"version-history":[{"count":4,"href":"https:\/\/korektura.si\/hr\/wp-json\/wp\/v2\/pages\/6232\/revisions"}],"predecessor-version":[{"id":6252,"href":"https:\/\/korektura.si\/hr\/wp-json\/wp\/v2\/pages\/6232\/revisions\/6252"}],"wp:attachment":[{"href":"https:\/\/korektura.si\/hr\/wp-json\/wp\/v2\/media?parent=6232"}],"curies":[{"name":"wp","href":"https:\/\/api.w.org\/{rel}","templated":true}]}}